{"id":1251,"date":"2021-01-18T14:29:07","date_gmt":"2021-01-18T14:29:07","guid":{"rendered":"https:\/\/saltisimo.com\/?post_type=product&#038;p=1251"},"modified":"2025-09-22T15:39:07","modified_gmt":"2025-09-22T14:39:07","slug":"gros-sel-anis-orange-confit","status":"publish","type":"product","link":"https:\/\/saltisimo.com\/fr_fr\/produit\/gros-sel-anis-orange-confit\/","title":{"rendered":"Sel \u00e0 l&rsquo;anis et orange confit"},"content":{"rendered":"<h2><strong>Sel \u00e0 l&rsquo;anis et orange confit, <\/strong>un voyage culinaire en quelques grains<\/h2>\n<p>Vous \u00eates \u00e0 la recherche d&rsquo;un ingr\u00e9dient d&rsquo;exception pour sublimer vos plats ? ne cherchez pas plus loin ! Notre sel \u00e0 l&rsquo;anis et orange confit vous offre une r\u00e9ponse \u00e0 vos attentes les plus exigeantes en mati\u00e8re de saveur et de qualit\u00e9.<\/p>\n<h3><strong>Un m\u00e9lange d&rsquo;\u00e9l\u00e9vation et de subtilit\u00e9<\/strong>:<\/h3>\n<p>Notre assaisonnement \u00e9lev\u00e9 est une fusion harmonieuse du gros sel d&rsquo;Aveiro au caract\u00e8re puissant et au noble go\u00fbt de violette, accompagn\u00e9 d&rsquo;anis, d&rsquo;orange confite, et d&rsquo;un subtil m\u00e9lange de cinq poivres. Ces saveurs forment une alliance puissante pr\u00eate \u00e0 sublimer chacun de vos plats. Laissez-vous emporter par l&rsquo;harmonie qui se d\u00e9voile dans chaque grain de ce condiment exceptionnel.<\/p>\n<h3><strong>Facilitez votre cuisine avec nos condiments aromatis\u00e9s<\/strong>:<\/h3>\n<p>Fini le temps o\u00f9 vous deviez fouiller votre cuisine pour trouver une multitude de condiments. Notre assaisonnement \u00e9lev\u00e9 a \u00e9t\u00e9 con\u00e7u pour simplifier votre exp\u00e9rience culinaire. Parfois, une simple cuill\u00e8re de notre condiment suffit pour vous emmener en voyage \u00e0 travers les saveurs et les \u00e9pices.<\/p>\n<h3><strong>Pr\u00e9servez la fra\u00eecheur et l&rsquo;intensit\u00e9 des ar\u00f4mes<\/strong>:<\/h3>\n<p>Nous sommes d\u00e9termin\u00e9s \u00e0 maintenir la qualit\u00e9 sup\u00e9rieure de notre assaisonnement \u00e9lev\u00e9. Chaque produit est livr\u00e9 dans un emballage herm\u00e9tique pour garantir la fra\u00eecheur et l&rsquo;intensit\u00e9 de ses ar\u00f4mes. Pour une conservation optimale, nous vous conseillons de transf\u00e9rer notre condiment dans un contenant opaque.<\/p>\n<h3><strong>Utilisation polyvalente<\/strong>:<\/h3>\n<p>Notre sel peut \u00eatre utilis\u00e9 en l&rsquo;\u00e9tat ou dans un moulin \u00e0 \u00e9pices. Le moulin vous permettra de r\u00e9guler votre consommation de sel tout en lib\u00e9rant les ar\u00f4mes des \u00e9pices non concass\u00e9es. Quelle que soit votre pr\u00e9f\u00e9rence, vous pourrez ainsi sublimer vos plats en toute simplicit\u00e9.<\/p>\n<p>Offrez \u00e0 vos papilles une exp\u00e9rience gustative unique avec notre assaisonnement \u00e9lev\u00e9. Red\u00e9couvrez la magie de la cuisine gr\u00e2ce \u00e0 ce m\u00e9lange raffin\u00e9 qui promet d&rsquo;\u00e9lever chaque plat \u00e0 un niveau sup\u00e9rieur.<\/p>\n<p style=\"text-align: center;\"><strong>Laissez-vous tenter par l&rsquo;excellence gastronomique, commandez d\u00e8s maintenant votre sel SaltiSimo et transformez vos repas en une exp\u00e9rience m\u00e9morable.<\/strong><\/p>\n","protected":false},"excerpt":{"rendered":"<p>D\u00e9couvrez notre Sel \u00e0 l&rsquo;anis et orange confit, une alliance unique pour \u00e9lever vos plats en un instant.<\/p>\n","protected":false},"featured_media":2246,"comment_status":"open","ping_status":"closed","template":"","meta":{"jetpack_publicize_message":"Gros sel \u00e0 l'anis","jetpack_publicize_feature_enabled":true,"jetpack_social_post_already_shared":true,"jetpack_social_options":{"image_generator_settings":{"template":"highway","default_image_id":0,"font":"","enabled":false},"version":2}},"product_brand":[],"product_cat":[54,17],"product_tag":[59,24],"class_list":{"0":"post-1251","1":"product","2":"type-product","3":"status-publish","4":"has-post-thumbnail","6":"product_cat-gros-sel-aromatique","7":"product_cat-sel-aromatique-du-portugal","8":"product_tag-anise","9":"product_tag-gros-sel","11":"first","12":"instock","13":"taxable","14":"shipping-taxable","15":"purchasable","16":"product-type-simple"},"bundled_by":["3584"],"bundle_stock_status":"instock","bundle_stock_quantity":null,"bundle_virtual":false,"bundle_layout":"","bundle_add_to_cart_form_location":"","bundle_editable_in_cart":false,"bundle_sold_individually_context":"","bundle_item_grouping":"","bundle_min_size":"","bundle_max_size":"","bundle_price":[],"bundled_items":[],"bundle_sell_ids":[],"jetpack_publicize_connections":[],"jetpack_sharing_enabled":true,"_links":{"self":[{"href":"https:\/\/saltisimo.com\/fr_fr\/wp-json\/wp\/v2\/product\/1251","targetHints":{"allow":["GET"]}}],"collection":[{"href":"https:\/\/saltisimo.com\/fr_fr\/wp-json\/wp\/v2\/product"}],"about":[{"href":"https:\/\/saltisimo.com\/fr_fr\/wp-json\/wp\/v2\/types\/product"}],"replies":[{"embeddable":true,"href":"https:\/\/saltisimo.com\/fr_fr\/wp-json\/wp\/v2\/comments?post=1251"}],"wp:featuredmedia":[{"embeddable":true,"href":"https:\/\/saltisimo.com\/fr_fr\/wp-json\/wp\/v2\/media\/2246"}],"wp:attachment":[{"href":"https:\/\/saltisimo.com\/fr_fr\/wp-json\/wp\/v2\/media?parent=1251"}],"wp:term":[{"taxonomy":"product_brand","embeddable":true,"href":"https:\/\/saltisimo.com\/fr_fr\/wp-json\/wp\/v2\/product_brand?post=1251"},{"taxonomy":"product_cat","embeddable":true,"href":"https:\/\/saltisimo.com\/fr_fr\/wp-json\/wp\/v2\/product_cat?post=1251"},{"taxonomy":"product_tag","embeddable":true,"href":"https:\/\/saltisimo.com\/fr_fr\/wp-json\/wp\/v2\/product_tag?post=1251"}],"curies":[{"name":"wp","href":"https:\/\/api.w.org\/{rel}","templated":true}]}}